{"id":23,"date":"2025-03-14T10:45:07","date_gmt":"2025-03-14T09:45:07","guid":{"rendered":"https:\/\/www.lara-dieteticienne-25.fr\/?page_id=23"},"modified":"2025-03-14T11:06:31","modified_gmt":"2025-03-14T10:06:31","slug":"consultations","status":"publish","type":"page","link":"https:\/\/www.lara-dieteticienne-25.fr\/index.php\/consultations\/","title":{"rendered":"Consultations"},"content":{"rendered":"\n<h4 class=\"wp-block-heading has-text-align-center is-style-large\">LES CONSULTATIONS DI\u00c9T\u00c9TIQUES<\/h4>\n\n\n\n<hr class=\"wp-block-separator has-css-opacity is-style-default\"\/>\n\n\n\n<div class=\"wp-block-columns alignfull has-text-color has-background is-layout-flex wp-container-core-columns-is-layout-9d6595d7 wp-block-columns-is-layout-flex\" style=\"color:#000000;background-color:#ffffff\">\n<div class=\"wp-block-column has-white-color has-text-color has-background has-link-color wp-elements-92370a62d95e1eec415b393eba651f83 is-layout-flow wp-block-column-is-layout-flow\" style=\"background-color:#9cbe9c\">\n<h3 class=\"wp-block-heading has-text-align-center\" style=\"font-size:24px;line-height:1.3\"><strong><strong>1\u00e8re consultation (50\u20ac \/ 1h)<\/strong><\/strong><\/h3>\n\n\n\n<p>Lors de la premi\u00e8re consultation c\u2019est l\u2019occasion de faire connaissance, vous pourrez ainsi voir si vous vous sentez \u00e0 l\u2019aise avec moi ou si vous avez envie de prendre vos jambes \u00e0 votre cou&nbsp;! Il est important de se sentir \u00e0 l\u2019aise pour avoir vraiment envie de se livrer sur son alimentation. Car oui, l\u2019alimentation c\u2019est tr\u00e8s intime finalement&nbsp;!<strong>&nbsp;<\/strong><\/p>\n\n\n\n<p>\u00ab<strong>&nbsp;<\/strong>Mais que peut-on bien raconter \u00e0 une di\u00e9t\u00e9ticienne&nbsp;?&nbsp;\u00bb Votre m\u00e9tier, votre cadre de vie, vos habitudes alimentaires, de sommeil, d\u2019activit\u00e9s physiques, vos priorit\u00e9s, vos aspirations, vos objectifs, vos peurs\u2026 Bien souvent lors de la premi\u00e8re consultation vous plantez le d\u00e9cor de votre vie actuelle et pass\u00e9e. Ces pr\u00e9cieux \u00e9l\u00e9ments me permettent par la suite d\u2019orienter notre travail, et de choisir les outils les plus adapt\u00e9s.<br>A l&rsquo;issue de ce premier rendez-vous, le plus souvent mes patients repartent avec 1 \u00e0 3 objectifs concrets \u00e0 mettre en place.<\/p>\n\n\n\n<p>Ce qui se passe au cabinet n\u2019est que la premi\u00e8re partie du travail. C\u2019est entre les consultations que vous pouvez exp\u00e9rimenter, \u00e9chouer, recommencer, r\u00e9ussir, remettre en question.&nbsp;<\/p>\n\n\n\n<hr class=\"wp-block-separator has-alpha-channel-opacity\"\/>\n\n\n\n<h5 class=\"wp-block-heading has-text-align-center\"><strong>1\u00e8re consultation en duo (80\u20ac\/1h30)<\/strong><\/h5>\n<\/div>\n\n\n\n<div class=\"wp-block-column has-white-color has-text-color has-background has-link-color wp-elements-8c7f8a3705e71fbbeaaf7ebe1402f702 is-layout-flow wp-block-column-is-layout-flow\" style=\"background-color:#9cbe9c\">\n<h3 class=\"wp-block-heading has-text-align-center\" style=\"font-size:24px;line-height:1.3\"><strong><strong>Consultation de suivi (35\u20ac \/ 30 min)<\/strong><\/strong><\/h3>\n\n\n\n<p>Nos rencontres sont l\u2019occasion de faire des points d\u2019\u00e9tapes, d\u2019\u00e9valuer et de r\u00e9orienter. C\u2019est l\u2019occasion de faire un point sur vos difficult\u00e9s ou de se pencher plus pr\u00e9cis\u00e9ment sur un sujet (mati\u00e8re grasse, sensation alimentaire, organisation\u2026). La th\u00e9matique peut \u00eatre d\u00e9finie lors d\u2019une consultation pr\u00e9c\u00e9dente ( \u00ab&nbsp;la prochaine fois j\u2019aimerai travailler sur l\u2019\u00e9quilibre dans l\u2019assiette&nbsp;\u00bb) ou au fil de la discussion. En fonction de vos objectifs c\u2019est aussi l\u2019occasion de refaire une mesure imp\u00e9dancem\u00e9trie pour suivre l\u2019\u00e9volution de votre composition corporelle.<strong>&nbsp;Activit\u00e9s propos\u00e9es en consultation&nbsp;: <\/strong>jeux, explication des m\u00e9canismes des pathologies, pes\u00e9e et de mesure imp\u00e9dancem\u00e9trie pour \u00e9valuer la composition corporelle (Z-metrix de Bioparhom), fixer des objectifs.<\/p>\n\n\n<div class=\"wp-block-image\">\n<figure class=\"aligncenter size-large is-resized\"><img loading=\"lazy\" decoding=\"async\" width=\"1024\" height=\"1024\" src=\"https:\/\/www.lara-dieteticienne-25.fr\/wp-content\/uploads\/2025\/03\/Fichier_000-3-1024x1024.png\" alt=\"\" class=\"wp-image-38\" style=\"width:251px;height:auto\" srcset=\"https:\/\/www.lara-dieteticienne-25.fr\/wp-content\/uploads\/2025\/03\/Fichier_000-3-1024x1024.png 1024w, https:\/\/www.lara-dieteticienne-25.fr\/wp-content\/uploads\/2025\/03\/Fichier_000-3-150x150.png 150w, https:\/\/www.lara-dieteticienne-25.fr\/wp-content\/uploads\/2025\/03\/Fichier_000-3-300x300.png 300w, https:\/\/www.lara-dieteticienne-25.fr\/wp-content\/uploads\/2025\/03\/Fichier_000-3-768x768.png 768w, https:\/\/www.lara-dieteticienne-25.fr\/wp-content\/uploads\/2025\/03\/Fichier_000-3.png 1080w\" sizes=\"auto, (max-width: 1024px) 100vw, 1024px\" \/><\/figure>\n<\/div>\n\n\n<hr class=\"wp-block-separator has-alpha-channel-opacity\"\/>\n\n\n\n<h5 class=\"wp-block-heading has-text-align-center\"><strong>Consultation de suivi en duo (60\u20ac\/1h)<\/strong><\/h5>\n<\/div>\n<\/div>\n\n\n<div class=\"wp-block-image\">\n<figure class=\"alignleft size-full is-resized\"><img loading=\"lazy\" decoding=\"async\" width=\"224\" height=\"224\" src=\"https:\/\/www.lara-dieteticienne-25.fr\/wp-content\/uploads\/2025\/03\/images.png\" alt=\"\" class=\"wp-image-52\" style=\"width:200px\" srcset=\"https:\/\/www.lara-dieteticienne-25.fr\/wp-content\/uploads\/2025\/03\/images.png 224w, https:\/\/www.lara-dieteticienne-25.fr\/wp-content\/uploads\/2025\/03\/images-150x150.png 150w\" sizes=\"auto, (max-width: 224px) 100vw, 224px\" \/><\/figure>\n<\/div>\n\n\n<h4 class=\"wp-block-heading has-text-align-center\">JE PEUX VOUS ACCOMPAGNER DANS :<\/h4>\n\n\n\n<hr class=\"wp-block-separator has-css-opacity is-style-default\"\/>\n\n\n\n<div class=\"wp-block-columns has-background is-layout-flex wp-container-core-columns-is-layout-9d6595d7 wp-block-columns-is-layout-flex\" style=\"background-color:#e5e7e9\">\n<div class=\"wp-block-column is-layout-flow wp-block-column-is-layout-flow\">\n<details class=\"wp-block-details has-background is-layout-flow wp-block-details-is-layout-flow\" style=\"background-color:#e5e7e9\"><summary><strong>Am\u00e9liorer l\u2019hygi\u00e8ne de vie<\/strong><\/summary>\n<p><\/p>\n<\/details>\n\n\n\n<details class=\"wp-block-details has-background is-layout-flow wp-block-details-is-layout-flow\" style=\"background-color:#e5e7e9\"><summary><strong>Diab\u00e8te de type 2<\/strong><\/summary>\n<p><\/p>\n<\/details>\n\n\n\n<details class=\"wp-block-details has-background is-layout-flow wp-block-details-is-layout-flow\" style=\"background-color:#e5e7e9\"><summary><strong>Hypercholest\u00e9rol\u00e9mie<\/strong><\/summary>\n<p><\/p>\n<\/details>\n\n\n\n<details class=\"wp-block-details has-background is-layout-flow wp-block-details-is-layout-flow\" style=\"background-color:#e5e7e9\"><summary><strong>D\u00e9nutrition&nbsp;<\/strong><\/summary>\n<p><strong>&nbsp;<\/strong>C\u2019est une pathologie dont on ne parle pas suffisamment et pourtant, elle repr\u00e9sente un v\u00e9ritable risque pour la sant\u00e9. En effet, un organisme sous-aliment\u00e9 va perdre de la masse musculaire et de la masse grasse, le rendant plus vuln\u00e9rable aux pathologies. L\u2019accompagnement di\u00e9t\u00e9tique peut vous aider \u00e0 enrichir l\u2019alimentation, reprendre go\u00fbt \u00e0 manger\u2026 La prise de mesure d&rsquo;imp\u00e9dancem\u00e9trie est un vrai plus dans cette prise en charge car elle vous permet de voir votre \u00e9volution et de vous motiver. Vous pouvez \u00e9galement prendre rendez-vous si vous \u00eates un aidant et que vous ne savez plus quoi faire pour accompagner votre proche qui perd du poids.&nbsp;<\/p>\n<\/details>\n<\/div>\n\n\n\n<div class=\"wp-block-column is-layout-flow wp-block-column-is-layout-flow\">\n<details class=\"wp-block-details has-background is-layout-flow wp-block-details-is-layout-flow\" style=\"background-color:#e5e7e9\"><summary><strong>Trouble du comportement alimentaire<\/strong><\/summary>\n<p>Si vous sentez que l\u2019alimentation est une souffrance pour vous, que vous pensez souffrir d\u2019anorexie, de boulimie, d\u2019hyperphagie, d\u2019orthorexie (\u2026) je peux vous recevoir en consultation pour faire un point avec vous sur votre rapport \u00e0 l\u2019alimentation. Les troubles du comportement alimentaire peuvent \u00e9galement impacter les proches. Si le patient le souhaite, des consultations avec les proches peuvent \u00eatre programm\u00e9es afin de favoriser un cadre coh\u00e9rent entre les consultations et le retour dans l\u2019environnement.&nbsp;<\/p>\n<\/details>\n\n\n\n<details class=\"wp-block-details has-background is-layout-flow wp-block-details-is-layout-flow\" style=\"background-color:#e5e7e9\"><summary><strong>Surpoids et ob\u00e9sit\u00e9 p\u00e9diatrique<\/strong><\/summary>\n<p>J\u2019accompagne les patients de moins de 18 ans qui ont une fracture dans leur courbe d\u2019IMC (et leur famille). L\u2019objectif est d\u2019acqu\u00e9rir les bons r\u00e9flexes familiaux pour retrouver un \u00e9quilibre. Je suis form\u00e9e par le R\u00e9PPOP et accompagne donc les enfants et adolescents qui y sont int\u00e9gr\u00e9s (consultations financ\u00e9es par le <a href=\"https:\/\/www.reppop-bfc.com\/\" data-type=\"link\" data-id=\"https:\/\/www.reppop-bfc.com\/\">R\u00e9PPOP<\/a>)<\/p>\n<\/details>\n\n\n\n<details class=\"wp-block-details has-background is-layout-flow wp-block-details-is-layout-flow\" style=\"background-color:#e5e7e9\"><summary><strong>Trouble digesti<\/strong>f<\/summary>\n<p>Formation <a href=\"https:\/\/digesteam.com\/\" data-type=\"link\" data-id=\"https:\/\/digesteam.com\/\">digesteam<\/a><\/p>\n<\/details>\n<\/div>\n\n\n\n<div class=\"wp-block-column is-layout-flow wp-block-column-is-layout-flow\">\n<details class=\"wp-block-details has-background is-layout-flow wp-block-details-is-layout-flow\" style=\"background-color:#e5e7e9\"><summary><strong>Pathologies digestives<\/strong><\/summary>\n<p>Formation <a href=\"https:\/\/digesteam.com\/\" data-type=\"link\" data-id=\"https:\/\/digesteam.com\/\">digesteam<\/a><\/p>\n<\/details>\n\n\n\n<details class=\"wp-block-details has-background is-layout-flow wp-block-details-is-layout-flow\" style=\"background-color:#e5e7e9\"><summary><strong>Arr\u00eat du tabac<\/strong><\/summary>\n<p>Vous craignez la prise de poids \u00e0 l\u2019arr\u00eat du tabac&nbsp;? ou vous souhaitez en profiter pour reprendre un bon rythme de vie (alimentation, activit\u00e9 physique)&nbsp;? Je peux vous accompagner dans cette p\u00e9riode de votre vie. Je vous propose un accompagnement pris en charge dans le cadre du r\u00e9seau <a href=\"https:\/\/www.tabagir.fr\/\" data-type=\"link\" data-id=\"https:\/\/www.tabagir.fr\/\">Tab\u2019agir&nbsp;<\/a><\/p>\n<\/details>\n\n\n\n<details class=\"wp-block-details has-background is-layout-flow wp-block-details-is-layout-flow\" style=\"background-color:#e5e7e9\"><summary><strong>Apr\u00e8s cancer<\/strong><\/summary>\n<p>Je peux vous accompagner apr\u00e8s un cancer avec une prise en charge possible par via l\u2019IRFC avec le \u00ab&nbsp;<a href=\"https:\/\/www.irfc.fr\/dispositif180\" data-type=\"link\" data-id=\"https:\/\/www.irfc.fr\/dispositif180\">dispositif 180\u20ac apr\u00e8s cancer<\/a>&nbsp;\u00bb<\/p>\n<\/details>\n<\/div>\n<\/div>\n\n\n\n<hr class=\"wp-block-separator has-alpha-channel-opacity\"\/>\n\n\n\n<div class=\"wp-block-columns bloc1 is-layout-flex wp-container-core-columns-is-layout-9d6595d7 wp-block-columns-is-layout-flex\">\n<div class=\"wp-block-column has-background is-layout-flow wp-block-column-is-layout-flow\" style=\"background-color:#ffffff00\">\n<h6 class=\"wp-block-heading has-text-align-center\"><strong>POURQUOI NE PAS PROPOSER DE PERTE DE POIDS ?<\/strong><\/h6>\n\n\n\n<p>Je vous propose un accompagnement dans vos changements alimentaires mais je ne propose pas de programme sp\u00e9cifique pour la perte de poids. L\u2019insatisfaction corporelle n\u2019est n\u00e9anmoins pas \u00e0 prendre \u00e0 la l\u00e9g\u00e8re car elle g\u00e9n\u00e8re un r\u00e9el mal-\u00eatre. Peut \u00eatre m\u00eame que ce poids vous pose probl\u00e8me dans votre vie courante ou vous inqui\u00e8te pour votre sant\u00e9. Les restrictions \u00e9tant souvent source de frustrations, d\u2019anxi\u00e9t\u00e9 et vous mettant en \u00e9chec je vous proposerai plut\u00f4t de prendre du recule sur votre v\u00e9cu et de faire un tri dans toutes vos id\u00e9es re\u00e7ues. La perte de poids est complexe et d\u00e9pend de nombreux param\u00e8tres que l\u2019on ne ma\u00eetrise pas toujours.<br><\/p>\n<\/div>\n\n\n\n<div class=\"wp-block-column has-background is-layout-flow wp-block-column-is-layout-flow\" style=\"background-color:#ffffff00\">\n<h6 class=\"wp-block-heading has-text-align-center\"><strong>TRAVAIL PLURIPROFESSIONNEL<\/strong><\/h6>\n\n\n\n<p>Au cours de la prise en charge je pourrai \u00eatre amen\u00e9e \u00e0 vous r\u00e9orienter vers d\u2019autres professionnels (psychologue, kin\u00e9sith\u00e9rapeute\u2026). Votre m\u00e9decin traitant est une v\u00e9ritable ressource dans votre prise en charge, c\u2019est lui qui prescrit les examens, pose le diagnostic, oriente vers les sp\u00e9cialistes\u2026&nbsp;&nbsp;<br><\/p>\n<\/div>\n<\/div>\n\n\n\n<p><\/p>\n\n\n\n<div class=\"wp-block-group reglement has-background has-small-font-size\" style=\"background-color:#c9b4cb\"><div class=\"wp-block-group__inner-container is-layout-constrained wp-block-group-is-layout-constrained\">\n<p class=\"has-text-align-center has-background\" style=\"background-color:#c9b4cb;font-size:17px\">Modes de r\u00e8glement accept\u00e9s : ch\u00e8que et esp\u00e8ces.<\/p>\n\n\n<div class=\"wp-block-image cheque\">\n<figure class=\"aligncenter size-full is-resized\"><img loading=\"lazy\" decoding=\"async\" width=\"842\" height=\"493\" src=\"https:\/\/www.lara-dieteticienne-25.fr\/wp-content\/uploads\/2025\/03\/images-2.png\" alt=\"\" class=\"wp-image-44\" style=\"width:112px;height:auto\" srcset=\"https:\/\/www.lara-dieteticienne-25.fr\/wp-content\/uploads\/2025\/03\/images-2.png 842w, https:\/\/www.lara-dieteticienne-25.fr\/wp-content\/uploads\/2025\/03\/images-2-300x176.png 300w, https:\/\/www.lara-dieteticienne-25.fr\/wp-content\/uploads\/2025\/03\/images-2-768x450.png 768w\" sizes=\"auto, (max-width: 842px) 100vw, 842px\" \/><\/figure>\n<\/div>\n\n\n<p class=\"has-text-align-center has-background\" style=\"background-color:#c9b4cb;font-size:17px\">Certaines mutuelles prennent en charge les consultations, je vous invite \u00e0 prendre contact&nbsp;avec la v\u00f4tre afin de savoir si vous pouvez en b\u00e9n\u00e9ficier.<\/p>\n<\/div><\/div>\n","protected":false},"excerpt":{"rendered":"<p>LES CONSULTATIONS DI\u00c9T\u00c9TIQUES 1\u00e8re consultation (50\u20ac \/ 1h) Lors de la premi\u00e8re consultation c\u2019est l\u2019occasion de faire connaissance, vous pourrez ainsi voir si vous vous sentez \u00e0 l\u2019aise avec moi &hellip; <\/p>\n","protected":false},"author":1,"featured_media":0,"parent":0,"menu_order":0,"comment_status":"closed","ping_status":"closed","template":"","meta":{"footnotes":""},"class_list":["post-23","page","type-page","status-publish","hentry"],"_links":{"self":[{"href":"https:\/\/www.lara-dieteticienne-25.fr\/index.php\/wp-json\/wp\/v2\/pages\/23","targetHints":{"allow":["GET"]}}],"collection":[{"href":"https:\/\/www.lara-dieteticienne-25.fr\/index.php\/wp-json\/wp\/v2\/pages"}],"about":[{"href":"https:\/\/www.lara-dieteticienne-25.fr\/index.php\/wp-json\/wp\/v2\/types\/page"}],"author":[{"embeddable":true,"href":"https:\/\/www.lara-dieteticienne-25.fr\/index.php\/wp-json\/wp\/v2\/users\/1"}],"replies":[{"embeddable":true,"href":"https:\/\/www.lara-dieteticienne-25.fr\/index.php\/wp-json\/wp\/v2\/comments?post=23"}],"version-history":[{"count":2,"href":"https:\/\/www.lara-dieteticienne-25.fr\/index.php\/wp-json\/wp\/v2\/pages\/23\/revisions"}],"predecessor-version":[{"id":54,"href":"https:\/\/www.lara-dieteticienne-25.fr\/index.php\/wp-json\/wp\/v2\/pages\/23\/revisions\/54"}],"wp:attachment":[{"href":"https:\/\/www.lara-dieteticienne-25.fr\/index.php\/wp-json\/wp\/v2\/media?parent=23"}],"curies":[{"name":"wp","href":"https:\/\/api.w.org\/{rel}","templated":true}]}}